{"id":4,"date":"2023-02-10T23:06:50","date_gmt":"2023-02-10T23:06:50","guid":{"rendered":"https:\/\/amc-luenen.de\/?page_id=4"},"modified":"2026-01-28T19:01:17","modified_gmt":"2026-01-28T19:01:17","slug":"willkommen-auf-https-amc-luenen-de","status":"publish","type":"page","link":"https:\/\/amc-luenen.de\/","title":{"rendered":"62. AMC-Lippe-Slalom"},"content":{"rendered":"\n<p><strong>alle Termine unter Vorbehalt<\/strong><\/p>\n\n\n\n<h2 class=\"wp-block-heading\">Sonntag, 26. Juli 2026, ab 09 Uhr<\/h2>\n\n\n\n<p class=\"has-medium-font-size\">Fahrzeugabnahme ab 08 Uhr<br><br><strong>Ausschreibung<\/strong> 2026 folgt<br><strong>Nennformular<\/strong> 2026 folgt<br><strong>AMC-Flyer<\/strong> 2026 folgt<\/p>\n\n\n\n<hr class=\"wp-block-separator has-text-color has-medium-pink-color has-alpha-channel-opacity has-medium-pink-background-color has-background is-style-wide\"\/>\n\n\n\n<h2 class=\"wp-block-heading has-text-align-left\">Willkommen beim AMC 1927 L\u00fcnen<\/h2>\n\n\n\n<p class=\"has-vivid-red-color has-text-color has-medium-font-size\"><a rel=\"noreferrer noopener\" href=\"http:\/\/kurier-westfalen.de\" target=\"_blank\"><\/a><img loading=\"lazy\" decoding=\"async\" width=\"150\" height=\"150\" class=\"wp-image-163\" style=\"width: 150px;\" src=\"https:\/\/amc-luenen.de\/wp-content\/uploads\/2023\/02\/cropped-logo_stempel_20180424_1200.jpg\" alt=\"\" srcset=\"https:\/\/amc-luenen.de\/wp-content\/uploads\/2023\/02\/cropped-logo_stempel_20180424_1200.jpg 512w, https:\/\/amc-luenen.de\/wp-content\/uploads\/2023\/02\/cropped-logo_stempel_20180424_1200-300x300.jpg 300w, https:\/\/amc-luenen.de\/wp-content\/uploads\/2023\/02\/cropped-logo_stempel_20180424_1200-150x150.jpg 150w, https:\/\/amc-luenen.de\/wp-content\/uploads\/2023\/02\/cropped-logo_stempel_20180424_1200-270x270.jpg 270w, https:\/\/amc-luenen.de\/wp-content\/uploads\/2023\/02\/cropped-logo_stempel_20180424_1200-192x192.jpg 192w, https:\/\/amc-luenen.de\/wp-content\/uploads\/2023\/02\/cropped-logo_stempel_20180424_1200-180x180.jpg 180w, https:\/\/amc-luenen.de\/wp-content\/uploads\/2023\/02\/cropped-logo_stempel_20180424_1200-32x32.jpg 32w\" sizes=\"auto, (max-width: 150px) 100vw, 150px\" \/>  <img loading=\"lazy\" decoding=\"async\" width=\"300\" height=\"147\" class=\"wp-image-7\" style=\"width: 300px;\" src=\"https:\/\/amc-luenen.de\/wp-content\/uploads\/2023\/02\/cropped-image006-2.jpg\" alt=\"\" srcset=\"https:\/\/amc-luenen.de\/wp-content\/uploads\/2023\/02\/cropped-image006-2.jpg 625w, https:\/\/amc-luenen.de\/wp-content\/uploads\/2023\/02\/cropped-image006-2-300x147.jpg 300w\" sizes=\"auto, (max-width: 300px) 100vw, 300px\" \/>  <img loading=\"lazy\" decoding=\"async\" width=\"150\" height=\"150\" class=\"wp-image-163\" style=\"width: 150px;\" src=\"https:\/\/amc-luenen.de\/wp-content\/uploads\/2023\/02\/cropped-logo_stempel_20180424_1200.jpg\" alt=\"\" srcset=\"https:\/\/amc-luenen.de\/wp-content\/uploads\/2023\/02\/cropped-logo_stempel_20180424_1200.jpg 512w, https:\/\/amc-luenen.de\/wp-content\/uploads\/2023\/02\/cropped-logo_stempel_20180424_1200-300x300.jpg 300w, https:\/\/amc-luenen.de\/wp-content\/uploads\/2023\/02\/cropped-logo_stempel_20180424_1200-150x150.jpg 150w, https:\/\/amc-luenen.de\/wp-content\/uploads\/2023\/02\/cropped-logo_stempel_20180424_1200-270x270.jpg 270w, https:\/\/amc-luenen.de\/wp-content\/uploads\/2023\/02\/cropped-logo_stempel_20180424_1200-192x192.jpg 192w, https:\/\/amc-luenen.de\/wp-content\/uploads\/2023\/02\/cropped-logo_stempel_20180424_1200-180x180.jpg 180w, https:\/\/amc-luenen.de\/wp-content\/uploads\/2023\/02\/cropped-logo_stempel_20180424_1200-32x32.jpg 32w\" sizes=\"auto, (max-width: 150px) 100vw, 150px\" \/><\/p>\n\n\n\n<p class=\"has-small-font-size\">Wir hei\u00dfen Sie willkommen auf den Internetseiten einer der \u00e4ltesten Automobil- und Motorsportvereine in Nordrhein-Westfalen, beim<\/p>\n\n\n\n<p class=\"has-text-align-center has-small-font-size\"><strong>Automobil- und Motorsportclub 1927 L\u00fcnen e. V. im ADAC<\/strong><br>&#8211; AMC L\u00fcnen &#8211;<\/p>\n\n\n\n<p class=\"has-small-font-size\">Wir freuen uns, dass Sie sich f\u00fcr unseren Motorsport und unsere Aktivit\u00e4ten interessieren.<\/p>\n\n\n\n<p class=\"has-small-font-size\">Auf diesen Seiten erhalten Sie vielf\u00e4ltige Hintergr\u00fcnde \u00fcber unsere Interessen, Termine, unseren Motorsport und vieles, vieles mehr. Wir hoffen, dass Sie uns dadurch kennen lernen und erfahren, was uns von den anderen Vereinen und Clubs in L\u00fcnen unterscheidet.<\/p>\n\n\n\n<p class=\"has-small-font-size\">Vermissen Sie eine Information oder fehlt Ihnen eine Angabe? Dann wenden Sie sich bitte direkt an unseren Vorstand oder w\u00e4hlen Sie einfach unseren Kontakt:<\/p>\n\n\n\n<p class=\"has-small-font-size\"><a href=\"mailto:gerdflentje@web.de\">vorstand@amc-luenen.de<\/a><\/p>\n\n\n\n<p class=\"has-small-font-size\">Wir w\u00fcnschen Ihnen einen informativen Aufenthalt und viel Spa\u00df beim Bl\u00e4ttern durch unsere Seiten,<br>mit einem motorsportlichen<\/p>\n\n\n\n<p class=\"has-small-font-size\">T\u00d6FF-T\u00d6FF-HURRA<\/p>\n\n\n\n<p class=\"has-small-font-size\">und herzlichen Gr\u00fc\u00dfen aus L\u00fcnen<br>Ihr<\/p>\n\n\n\n<p class=\"has-small-font-size\"><strong>Gerd Flentje<\/strong><br>1. Vorsitzender<br>Automobil- und Motorsportclub 1927<br>L\u00fcnen e. V. im ADAC<\/p>\n\n\n\n<p class=\"has-small-font-size\">Viel Spa\u00df!<\/p>\n","protected":false},"excerpt":{"rendered":"<p>alle Termine unter Vorbehalt Sonntag, 26. Juli 2026, ab 09 Uhr Fahrzeugabnahme ab 08 Uhr Ausschreibung 2026 folgtNennformular 2026 folgtAMC-Flyer 2026 folgt Willkommen beim AMC 1927 L\u00fcnen Wir hei\u00dfen Sie &hellip; <a href=\"https:\/\/amc-luenen.de\/\" class=\"more-link\"><span class=\"screen-reader-text\">62. AMC-Lippe-Slalom<\/span> weiterlesen<\/a><\/p>\n","protected":false},"author":1,"featured_media":165,"parent":0,"menu_order":0,"comment_status":"closed","ping_status":"open","template":"","meta":{"footnotes":""},"class_list":["post-4","page","type-page","status-publish","has-post-thumbnail","hentry"],"_links":{"self":[{"href":"https:\/\/amc-luenen.de\/index.php?rest_route=\/wp\/v2\/pages\/4","targetHints":{"allow":["GET"]}}],"collection":[{"href":"https:\/\/amc-luenen.de\/index.php?rest_route=\/wp\/v2\/pages"}],"about":[{"href":"https:\/\/amc-luenen.de\/index.php?rest_route=\/wp\/v2\/types\/page"}],"author":[{"embeddable":true,"href":"https:\/\/amc-luenen.de\/index.php?rest_route=\/wp\/v2\/users\/1"}],"replies":[{"embeddable":true,"href":"https:\/\/amc-luenen.de\/index.php?rest_route=%2Fwp%2Fv2%2Fcomments&post=4"}],"version-history":[{"count":44,"href":"https:\/\/amc-luenen.de\/index.php?rest_route=\/wp\/v2\/pages\/4\/revisions"}],"predecessor-version":[{"id":979,"href":"https:\/\/amc-luenen.de\/index.php?rest_route=\/wp\/v2\/pages\/4\/revisions\/979"}],"wp:featuredmedia":[{"embeddable":true,"href":"https:\/\/amc-luenen.de\/index.php?rest_route=\/wp\/v2\/media\/165"}],"wp:attachment":[{"href":"https:\/\/amc-luenen.de\/index.php?rest_route=%2Fwp%2Fv2%2Fmedia&parent=4"}],"curies":[{"name":"wp","href":"https:\/\/api.w.org\/{rel}","templated":true}]}}